{"id":495,"date":"2025-09-16T12:45:25","date_gmt":"2025-09-16T10:45:25","guid":{"rendered":"https:\/\/xn--lascne-6ua.be\/?post_type=tribe_events&#038;p=495"},"modified":"2025-09-18T17:19:04","modified_gmt":"2025-09-18T15:19:04","slug":"concert-lula-heldt","status":"publish","type":"tribe_events","link":"https:\/\/xn--lascne-6ua.be\/index.php\/agenda\/concert-lula-heldt\/","title":{"rendered":"Concert Lula Heldt"},"content":{"rendered":"<p><em>Billetterie :<a href=\"https:\/\/www.billetweb.fr\/concert-lula-heldt\"> https:\/\/www.billetweb.fr\/concert-lula-heldt\u00a0<\/a><\/em><\/p>\n<p data-start=\"84\" data-end=\"501\"><strong data-start=\"84\" data-end=\"122\">Lula Heldt \u2013 Violoncelle &amp; Voix<\/strong><br data-start=\"122\" data-end=\"125\" \/>Influences jazz, accents tsiganes et po\u00e9sie de l\u2019intime : Lula Heldt tisse un univers unique o\u00f9 violoncelle et voix se r\u00e9pondent. Sur un fil tendu entre imaginaire et fantaisie, entre malice complice et clins d\u2019\u0153il amus\u00e9s, elle invite le public dans un voyage sonore envo\u00fbtant. Son talent et son charisme captivants donnent \u00e0 chaque performance une dimension exceptionnelle.<\/p>\n<p data-start=\"503\" data-end=\"568\"><strong data-start=\"506\" data-end=\"528\">Mercredi 8 octobre \u00e0 20h, <\/strong><\/p>\n<p data-start=\"503\" data-end=\"568\"><strong data-start=\"534\" data-end=\"566\">La Sc\u00e8ne \u2013 179 avenue Dailly<\/strong><\/p>\n<p data-start=\"570\" data-end=\"660\">Un concert \u00e0 ne pas manquer pour les amateurs de musique vibrante et de belles \u00e9motions.<\/p>\n","protected":false},"excerpt":{"rendered":"<p>Billetterie : https:\/\/www.billetweb.fr\/concert-lula-heldt\u00a0 Lula Heldt \u2013 Violoncelle &amp; VoixInfluences jazz, accents tsiganes et po\u00e9sie de l\u2019intime : Lula Heldt tisse un univers unique o\u00f9 violoncelle et voix se r\u00e9pondent. Sur un fil tendu entre imaginaire et fantaisie, entre malice complice et clins d\u2019\u0153il amus\u00e9s, elle invite le public dans un voyage sonore envo\u00fbtant. Son talent et son charisme captivants donnent \u00e0 chaque performance une dimension exceptionnelle. Mercredi 8 octobre \u00e0 20h, La Sc\u00e8ne \u2013 179 avenue Dailly Un concert \u00e0 ne pas manquer pour les amateurs de musique vibrante et de belles \u00e9motions.<\/p>\n","protected":false},"author":3,"featured_media":496,"template":"","meta":{"_eb_attr":"","_price":"","_stock":"","_tribe_ticket_header":"","_tribe_default_ticket_provider":"","_ticket_start_date":"","_ticket_end_date":"","_tribe_ticket_show_description":"","_tribe_ticket_show_not_going":false,"_tribe_ticket_use_global_stock":"","_tribe_ticket_global_stock_level":"","_global_stock_mode":"","_global_stock_cap":"","_tribe_rsvp_for_event":"","_tribe_ticket_going_count":"","_tribe_ticket_not_going_count":"","_tribe_tickets_list":"[]","_tribe_ticket_has_attendee_info_fields":false,"_tribe_events_status":"","_tribe_events_status_reason":"","footnotes":"","_tec_slr_enabled":"","_tec_slr_layout":""},"tags":[],"tribe_events_cat":[],"class_list":["post-495","tribe_events","type-tribe_events","status-publish","has-post-thumbnail","hentry"],"ticketed":false,"_links":{"self":[{"href":"https:\/\/xn--lascne-6ua.be\/index.php\/wp-json\/wp\/v2\/tribe_events\/495","targetHints":{"allow":["GET"]}}],"collection":[{"href":"https:\/\/xn--lascne-6ua.be\/index.php\/wp-json\/wp\/v2\/tribe_events"}],"about":[{"href":"https:\/\/xn--lascne-6ua.be\/index.php\/wp-json\/wp\/v2\/types\/tribe_events"}],"author":[{"embeddable":true,"href":"https:\/\/xn--lascne-6ua.be\/index.php\/wp-json\/wp\/v2\/users\/3"}],"version-history":[{"count":1,"href":"https:\/\/xn--lascne-6ua.be\/index.php\/wp-json\/wp\/v2\/tribe_events\/495\/revisions"}],"predecessor-version":[{"id":497,"href":"https:\/\/xn--lascne-6ua.be\/index.php\/wp-json\/wp\/v2\/tribe_events\/495\/revisions\/497"}],"wp:featuredmedia":[{"embeddable":true,"href":"https:\/\/xn--lascne-6ua.be\/index.php\/wp-json\/wp\/v2\/media\/496"}],"wp:attachment":[{"href":"https:\/\/xn--lascne-6ua.be\/index.php\/wp-json\/wp\/v2\/media?parent=495"}],"wp:term":[{"taxonomy":"post_tag","embeddable":true,"href":"https:\/\/xn--lascne-6ua.be\/index.php\/wp-json\/wp\/v2\/tags?post=495"},{"taxonomy":"tribe_events_cat","embeddable":true,"href":"https:\/\/xn--lascne-6ua.be\/index.php\/wp-json\/wp\/v2\/tribe_events_cat?post=495"}],"curies":[{"name":"wp","href":"https:\/\/api.w.org\/{rel}","templated":true}]}}